{"id":119,"date":"2014-04-02T12:32:31","date_gmt":"2014-04-02T12:32:31","guid":{"rendered":"http:\/\/dr-alfred-bretz.de\/?page_id=119"},"modified":"2022-02-20T19:56:17","modified_gmt":"2022-02-20T19:56:17","slug":"das-praxislabor","status":"publish","type":"page","link":"https:\/\/dr-alfred-bretz.de\/?page_id=119","title":{"rendered":"Das Praxislabor"},"content":{"rendered":"<p><span style=\"color: #008080;\"><b>UNSER<\/b><b> ZAHNLABOR<\/b><\/span><\/p>\n<p>Mit unserem <span style=\"color: #008080;\">eigenen Zahntechnischen Labor im Haus<\/span>\u00a0 k\u00f6nnen wir eine <span style=\"color: #008080;\">schnelle Versorgung<\/span> und gleichzeitig <span style=\"color: #008080;\">h\u00f6chste Pr\u00e4zision und Qualit\u00e4t<\/span> bei der <span style=\"color: #008080;\">Prothetischen Behandlung<\/span> erreichen.<br \/>\nDas Eigenlabor erm\u00f6glicht es uns, direkt mit Ihnen als Patient alle wichtigen Entscheidungen bez\u00fcglich Zahnersatz wie zum Beispiel Zahnfarbe, Zahnform und Zahnstellung bei der Behandlung abzusprechen.<br \/>\nKleinere Ver\u00e4nderungen bzw. Reparaturen am Zahnersatz k\u00f6nnen schnellstens umgesetzt werden.<br \/>\nPatienten erhalten ihren Zahnersatz so umgehend wieder zur\u00fcck.<br \/>\nF\u00fcr das bestm\u00f6gliche Ergebnis sorgen unsere <span style=\"color: #008080;\">Zahntechniker<\/span> mit ihrer<span style=\"color: #008080;\"> langj\u00e4hrigen Erfahrung<\/span>.<br \/>\nWir legen hohe Anspr\u00fcche an unsere Arbeit. Vertrauen auch Sie uns.<br \/>\nSehen Sie selbst, wie wir Ihnen helfen k\u00f6nnen.<\/p>\n","protected":false},"excerpt":{"rendered":"<p>UNSER ZAHNLABOR Mit unserem eigenen Zahntechnischen Labor im Haus\u00a0 k\u00f6nnen wir eine schnelle Versorgung und gleichzeitig h\u00f6chste Pr\u00e4zision und Qualit\u00e4t bei der Prothetischen Behandlung erreichen. Das Eigenlabor erm\u00f6glicht es uns, direkt mit Ihnen als Patient alle wichtigen Entscheidungen bez\u00fcglich Zahnersatz &hellip;<\/p>\n<p class=\"read-more\"> <a class=\"more-link\" href=\"https:\/\/dr-alfred-bretz.de\/?page_id=119\"> <span class=\"screen-reader-text\">Das Praxislabor<\/span> Weiterlesen &raquo;<\/a><\/p>\n","protected":false},"author":3,"featured_media":0,"parent":10,"menu_order":2,"comment_status":"closed","ping_status":"closed","template":"","meta":{"footnotes":""},"class_list":["post-119","page","type-page","status-publish","hentry"],"_links":{"self":[{"href":"https:\/\/dr-alfred-bretz.de\/index.php?rest_route=\/wp\/v2\/pages\/119","targetHints":{"allow":["GET"]}}],"collection":[{"href":"https:\/\/dr-alfred-bretz.de\/index.php?rest_route=\/wp\/v2\/pages"}],"about":[{"href":"https:\/\/dr-alfred-bretz.de\/index.php?rest_route=\/wp\/v2\/types\/page"}],"author":[{"embeddable":true,"href":"https:\/\/dr-alfred-bretz.de\/index.php?rest_route=\/wp\/v2\/users\/3"}],"replies":[{"embeddable":true,"href":"https:\/\/dr-alfred-bretz.de\/index.php?rest_route=%2Fwp%2Fv2%2Fcomments&post=119"}],"version-history":[{"count":1,"href":"https:\/\/dr-alfred-bretz.de\/index.php?rest_route=\/wp\/v2\/pages\/119\/revisions"}],"predecessor-version":[{"id":209,"href":"https:\/\/dr-alfred-bretz.de\/index.php?rest_route=\/wp\/v2\/pages\/119\/revisions\/209"}],"up":[{"embeddable":true,"href":"https:\/\/dr-alfred-bretz.de\/index.php?rest_route=\/wp\/v2\/pages\/10"}],"wp:attachment":[{"href":"https:\/\/dr-alfred-bretz.de\/index.php?rest_route=%2Fwp%2Fv2%2Fmedia&parent=119"}],"curies":[{"name":"wp","href":"https:\/\/api.w.org\/{rel}","templated":true}]}}